{"id":3858,"date":"2025-09-11T16:25:34","date_gmt":"2025-09-11T14:25:34","guid":{"rendered":"https:\/\/praxamed.ch\/stelleninserat\/recherche-medecin-generaliste-remplacement-conge-maternite\/"},"modified":"2025-09-23T09:35:50","modified_gmt":"2025-09-23T07:35:50","slug":"recherche-medecin-generaliste-remplacement-conge-maternite","status":"publish","type":"stelleninserat","link":"https:\/\/praxamed.ch\/fr\/praxis-stellen\/recherche-medecin-generaliste-remplacement-conge-maternite\/","title":{"rendered":"Recherche m\u00e9decin g\u00e9n\u00e9raliste \u2013 remplacement cong\u00e9 maternit\u00e9 !"},"content":{"rendered":"<p>Afin de remplacer une coll\u00e8gue durant son cong\u00e9 maternit\u00e9, nous recherchons un(e) m\u00e9decin g\u00e9n\u00e9raliste pour un 40 \u00e0 100% et une dur\u00e9e de 3 \u00e0 12 mois.<\/p>\n<p>&nbsp;<\/p>\n<p><strong>Le Centre m\u00e9dical :<\/strong><\/p>\n<p>Le Centre m\u00e9dical de Montagny est un Centre m\u00e9dical de premiers recours pris\u00e9 de la population locale. Actuellement 3 m\u00e9decins exercent dans le Centre m\u00e9dical ainsi que 3 assistantes m\u00e9dicales.<\/p>\n<p>&nbsp;<\/p>\n<p>Le Centre m\u00e9dical dispose de 3 salles de consultations, 1 salle de soins, 1 laboratoire, les espaces pour le personnel et pour les patients. Facilement accessible avec place de parking devant la porte, train et bus \u00e0 moins de 2 minutes \u00e0 pied, le centre se trouve au Centre du village de Cousset.<\/p>\n<p>&nbsp;<\/p>\n<p><strong>Profil : <\/strong><\/p>\n<ul>\n<li>Dipl\u00f4me de m\u00e9decin g\u00e9n\u00e9raliste (titre FMH ou \u00e9quivalent)<\/li>\n<li>Autorisation de pratiquer et de facturer en Suisse (un plus)<\/li>\n<li>Capacit\u00e9 d\u2019adaptation<\/li>\n<li>Aisance dans la collaboration avec diff\u00e9rents m\u00e9decins et avec le personnel<\/li>\n<li>Langue maternelle fran\u00e7aise ou excellente connaissance. Toutes autres langues est un plus.<\/li>\n<\/ul>\n<p>&nbsp;<\/p>\n<p>&nbsp;<\/p>\n<p><strong>D\u00e9but d\u2019activit\u00e9 : <\/strong>Entre novembre 2025 et janvier 2026, \u00e0 discuter<\/p>\n<p><strong>Taux d\u2019activit\u00e9 : <\/strong>Entre 40 et 100%, \u00e0 discuter<\/p>\n<p><strong>Dur\u00e9e du remplacement : <\/strong>3 \u00e0 12 mois, \u00e0 discuter. Possibilit\u00e9 de prolonger la collaboration par la suite, \u00e0 discuter<\/p>\n<p><strong>Contrat :<\/strong> Salari\u00e9 (au % du chiffre d\u2019affaires) ou m\u00e9decin ind\u00e9pendant (honoraires au % du chiffre d\u2019affaires, \u00e0 discuter<\/p>\n<p>&nbsp;<\/p>\n<p>Si vous avez envie de soutenir la population locale et de participer activement au d\u00e9veloppement des activit\u00e9s au sein du Centre,<\/p>\n<p>Alors vous \u00eates la personne que nous recherchons.<\/p>\n<p>&nbsp;<\/p>\n<p>En cas d\u2019int\u00e9r\u00eat, merci d\u2019envoyer votre dossier complet \u00e0 : <a href=\"mailto:frederic.stadler@centremedicalmontagny.ch\">frederic.stadler@centremedicalmontagny.ch<\/a><\/p>\n","protected":false},"featured_media":2780,"template":"","meta":{"_acf_changed":false},"class_list":["post-3858","stelleninserat","type-stelleninserat","status-publish","has-post-thumbnail","hentry"],"acf":[],"aioseo_notices":[],"_links":{"self":[{"href":"https:\/\/praxamed.ch\/fr\/wp-json\/wp\/v2\/stelleninserat\/3858","targetHints":{"allow":["GET"]}}],"collection":[{"href":"https:\/\/praxamed.ch\/fr\/wp-json\/wp\/v2\/stelleninserat"}],"about":[{"href":"https:\/\/praxamed.ch\/fr\/wp-json\/wp\/v2\/types\/stelleninserat"}],"wp:featuredmedia":[{"embeddable":true,"href":"https:\/\/praxamed.ch\/fr\/wp-json\/wp\/v2\/media\/2780"}],"wp:attachment":[{"href":"https:\/\/praxamed.ch\/fr\/wp-json\/wp\/v2\/media?parent=3858"}],"curies":[{"name":"wp","href":"https:\/\/api.w.org\/{rel}","templated":true}]}}